{"id":114,"date":"2025-08-29T17:45:18","date_gmt":"2025-08-29T17:45:18","guid":{"rendered":"https:\/\/redcamif.org\/foro-regional-connect-2025\/?page_id=114"},"modified":"2025-11-14T13:46:32","modified_gmt":"2025-11-14T13:46:32","slug":"agenda","status":"publish","type":"page","link":"https:\/\/redcamif.org\/foro-regional-connect-2025\/agenda\/","title":{"rendered":"AGENDA"},"content":{"rendered":"<p>[et_pb_section fb_built=&#8221;1&#8243; fullwidth=&#8221;on&#8221; _builder_version=&#8221;4.27.4&#8243; _module_preset=&#8221;default&#8221; global_colors_info=&#8221;{}&#8221;][et_pb_fullwidth_code _builder_version=&#8221;4.27.4&#8243; _module_preset=&#8221;default&#8221; text_orientation=&#8221;center&#8221; module_alignment=&#8221;center&#8221; global_colors_info=&#8221;{}&#8221;]\n\t\t\t\t<p class=\"rs-p-wp-fix\"><\/p>\n\t\t\t\t<sr7-module data-alias=\"topinicio\" data-id=\"1\" id=\"SR7_1_1\" class=\"rs-ov-hidden\" data-version=\"6.7.23\">\n\t\t\t\t\t<sr7-adjuster><\/sr7-adjuster>\n\t\t\t\t\t<sr7-content>\n\t\t\t\t\t\t<sr7-slide id=\"SR7_1_1-1\" data-key=\"1\">\n\t\t\t\t\t\t\t<sr7-bg id=\"SR7_1_1-1-13\" class=\"sr7-layer\"><noscript><img decoding=\"async\" src=\"https:\/\/redcamif.org\/foro-regional-connect-2025\/wp-content\/uploads\/2025\/08\/fondobannertop.jpg\" alt=\"\" title=\"fondobannertop\"><\/noscript><\/sr7-bg>\n\t\t\t\t\t\t\t<sr7-txt id=\"SR7_1_1-1-4\" class=\"sr7-layer\">convocan al<\/sr7-txt>\n\t\t\t\t\t\t\t<sr7-txt id=\"SR7_1_1-1-5\" class=\"sr7-layer\">Foro <strong>Connect 2025<\/strong><\/sr7-txt>\n\t\t\t\t\t\t\t<sr7-txt id=\"SR7_1_1-1-6\" class=\"sr7-layer\">Impulsando inversiones <span style=\"color:#006446;\">responsables e inclusivas<\/span> en Am\u00e9rica Latina\n<\/sr7-txt>\n\t\t\t\t\t\t<\/sr7-slide>\n\t\t\t\t\t\t<sr7-slide id=\"SR7_1_1-2\" data-key=\"2\">\n\t\t\t\t\t\t<\/sr7-slide>\n\t\t\t\t\t<\/sr7-content>\n\t\t\t\t\t<image_lists style=\"display:none\">\n\t\t\t\t\t\t<img data-src=\"\/\/redcamif.org\/foro-regional-connect-2025\/wp-content\/uploads\/2025\/08\/redcalocfun.png\" data-libid=\"102\" data-lib=\"medialibrary\" title=\"redca+locfun\" width=\"0\" height=\"0\" data-dbsrc=\"Ly9yZWRjYW1pZi5vcmcvZm9yby1yZWdpb25hbC1jb25uZWN0LTIwMjUvd3AtY29udGVudC91cGxvYWRzLzIwMjUvMDgvcmVkY2Fsb2NmdW4ucG5n\"\/>\n\t\t\t\t\t\t<img data-src=\"\/\/redcamif.org\/foro-regional-connect-2025\/wp-content\/uploads\/2025\/08\/fechabannertop.png\" data-libid=\"106\" data-lib=\"medialibrary\" title=\"fechabannertop\" width=\"0\" height=\"0\" data-dbsrc=\"Ly9yZWRjYW1pZi5vcmcvZm9yby1yZWdpb25hbC1jb25uZWN0LTIwMjUvd3AtY29udGVudC91cGxvYWRzLzIwMjUvMDgvZmVjaGFiYW5uZXJ0b3AucG5n\"\/>\n\t\t\t\t\t\t<img data-src=\"\/\/redcamif.org\/foro-regional-connect-2025\/wp-content\/uploads\/2025\/08\/pareja-min2.png\" data-libid=\"108\" data-lib=\"medialibrary\" title=\"pareja-min2\" width=\"0\" height=\"0\" data-dbsrc=\"Ly9yZWRjYW1pZi5vcmcvZm9yby1yZWdpb25hbC1jb25uZWN0LTIwMjUvd3AtY29udGVudC91cGxvYWRzLzIwMjUvMDgvcGFyZWphLW1pbjIucG5n\"\/>\n\t\t\t\t\t\t<img data-src=\"\/\/redcamif.org\/foro-regional-connect-2025\/wp-content\/uploads\/2025\/08\/fondobannertop.jpg\" data-libid=\"98\" data-lib=\"medialibrary\" title=\"fondobannertop\" width=\"0\" height=\"0\" data-dbsrc=\"Ly9yZWRjYW1pZi5vcmcvZm9yby1yZWdpb25hbC1jb25uZWN0LTIwMjUvd3AtY29udGVudC91cGxvYWRzLzIwMjUvMDgvZm9uZG9iYW5uZXJ0b3AuanBn\"\/>\n\t\t\t\t\t<\/image_lists>\n\t\t\t\t<\/sr7-module>\n\t\t\t\t<script>\n\t\t\t\t\tSR7.PMH ??={}; SR7.PMH[\"SR7_1_1\"] = {cn:100,state:false,fn: function() { if (_tpt!==undefined && _tpt.prepareModuleHeight !== undefined) {  _tpt.prepareModuleHeight({id:\"SR7_1_1\",el:[609,609,768,960,720],type:'standard',shdw:'0',gh:[609,609,445,338,209],gw:[1400,1400,1024,778,480],vpt:['-100px'],size:{fullWidth:true, fullHeight:false},mh:'0',onh:0,onw:0,bg:{color:'{\"orig\":\"transparent\",\"type\":\"solid\",\"string\":\"transparent\"}'}});   SR7.PMH[\"SR7_1_1\"].state=true;} else if(SR7.PMH[\"SR7_1_1\"].cn-->0)\tsetTimeout( SR7.PMH[\"SR7_1_1\"].fn,19);}};SR7.PMH[\"SR7_1_1\" ].fn();\n\t\t\t\t<\/script>\n[\/et_pb_fullwidth_code][\/et_pb_section][et_pb_section fb_built=&#8221;1&#8243; _builder_version=&#8221;4.27.4&#8243; _module_preset=&#8221;default&#8221; background_image=&#8221;https:\/\/redcamif.org\/foro-regional-connect-2025\/wp-content\/uploads\/2025\/08\/lazobanderapanama.png&#8221; background_size=&#8221;contain&#8221; custom_padding=&#8221;20px||3px|||&#8221; global_colors_info=&#8221;{}&#8221;][et_pb_row _builder_version=&#8221;4.27.4&#8243; _module_preset=&#8221;default&#8221; global_colors_info=&#8221;{}&#8221;][et_pb_column type=&#8221;4_4&#8243; _builder_version=&#8221;4.27.4&#8243; _module_preset=&#8221;default&#8221; global_colors_info=&#8221;{}&#8221;][et_pb_text _builder_version=&#8221;4.27.4&#8243; _module_preset=&#8221;default&#8221; header_2_text_align=&#8221;center&#8221; header_2_text_color=&#8221;#004d92&#8243; global_colors_info=&#8221;{}&#8221;]<\/p>\n<h2><img loading=\"lazy\" decoding=\"async\" src=\"https:\/\/redcamif.org\/foro-regional-connect-2025\/wp-content\/uploads\/2025\/08\/calendario.png\" width=\"36\" height=\"42\" alt=\"\" class=\"wp-image-66 alignnone size-full\" \/>\u00a0 AGENDA<\/h2>\n<p>[\/et_pb_text][\/et_pb_column][\/et_pb_row][et_pb_row _builder_version=&#8221;4.27.4&#8243; _module_preset=&#8221;default&#8221; global_colors_info=&#8221;{}&#8221;][et_pb_column type=&#8221;4_4&#8243; _builder_version=&#8221;4.27.4&#8243; _module_preset=&#8221;default&#8221; global_colors_info=&#8221;{}&#8221;][et_pb_tabs _builder_version=&#8221;4.27.4&#8243; _module_preset=&#8221;default&#8221; custom_padding=&#8221;||5px|||&#8221; hover_enabled=&#8221;0&#8243; custom_css_free_form=&#8221;\/* Aplica a la barra de tabs *\/||.et_pb_tabs_controls {||  display: flex;||  justify-content: center;   \/* Centra los t\u00edtulos *\/||  border-bottom: none;       \/* Quitamos la l\u00ednea por defecto *\/||  margin-bottom: 20px;       \/* Espacio hacia el contenido *\/||}||||\/* Cada t\u00edtulo de tab *\/||.et_pb_tabs_controls li {||  list-style: none;||  margin: 0 30px;            \/* Separaci\u00f3n entre los dos tabs *\/||  border: none;||  padding: 8px 0;||}||||\/* El link del tab *\/||.et_pb_tabs_controls li a {||  color: #004D92;            \/* Texto en azul (puedes cambiar) *\/||  text-decoration: none;||  border-bottom: 2px solid transparent;||  padding-bottom: 5px;||  transition: all 0.3s ease;||}||||\/* Cuando est\u00e1 activo o al pasar el mouse *\/||.et_pb_tabs_controls li.et_pb_tab_active a,||.et_pb_tabs_controls li a:hover {||  border-bottom: 2px solid #026546;  \/* L\u00ednea verde debajo *\/||  color: #026546;                    \/* Cambia el color si quer\u00e9s *\/||}||&#8221; border_width_all=&#8221;0px&#8221; global_colors_info=&#8221;{}&#8221; sticky_enabled=&#8221;0&#8243;][et_pb_tab title=&#8221;D\u00eda 1  (Jueves 13 de Noviembre de 2025) &#8221; _builder_version=&#8221;4.27.4&#8243; _module_preset=&#8221;default&#8221; tab_text_color=&#8221;#004d92&#8243; custom_css_free_form=&#8221;.agenda-tabla {||  width: 100%;||  border-collapse: collapse;||  color: #004D92;||  border: none !important;||}||||.agenda-tabla td {||  padding: 12px 15px;||  vertical-align: top;||  border-bottom: 2px solid #2A8C38;||}||||\/* \u2705 Solo los eventos principales llevan l\u00ednea *\/||.agenda-tabla .evento {||  font-weight: bold;||}||||\/* \u274c Las filas sin clase (los detalles) no llevan l\u00ednea *\/||.agenda-tabla tr td:not(.hora):not(.evento) {||  border-bottom: none;||}||||\/* Columna hora *\/||.agenda-tabla .hora {||  width: 20%;||  font-weight: bold;||  white-space: nowrap;||}||||.agenda-tabla .hora .icono {||  margin-right: 8px;||}||&#8221; global_colors_info=&#8221;{}&#8221;]<\/p>\n<table class=\"agenda-tabla\" style=\"height: 1401px;\">\n<tbody>\n<tr style=\"height: 72px;\">\n<td class=\"hora\" style=\"height: 72px; width: 56.6px;\"><span class=\"icono\">\ud83d\udd52<\/span> 08:00 AM<\/td>\n<td class=\"evento\" style=\"height: 72px; width: 239.8px;\"><strong>Registro de Participantes \/Gran Sal\u00f3n\u00a0&#8211;\u00a0Piso\u00a0M<\/strong><\/td>\n<\/tr>\n<tr style=\"height: 24px;\">\n<td style=\"height: 24px; width: 56.6px;\"><span class=\"icono\">\ud83d\udd52<\/span>8:30<\/td>\n<td style=\"height: 24px; width: 239.8px;\"><strong>Inauguraci\u00f3n<\/strong><\/td>\n<\/tr>\n<tr style=\"height: 0px;\">\n<td style=\"height: 70px; width: 56.6px;\"><\/td>\n<td style=\"height: 70px; width: 239.8px;\"><a href=\"https:\/\/www.linkedin.com\/in\/edison-javier-mejia-ardila-b833233a\" target=\"_blank\" rel=\"noopener\"><img loading=\"lazy\" decoding=\"async\" src=\"https:\/\/redcamif.org\/foro-regional-connect-2025\/wp-content\/uploads\/2025\/11\/Edison4.png\" width=\"717\" height=\"207\" alt=\"\" class=\"wp-image-573 alignnone size-full\" srcset=\"https:\/\/redcamif.org\/foro-regional-connect-2025\/wp-content\/uploads\/2025\/11\/Edison4.png 717w, https:\/\/redcamif.org\/foro-regional-connect-2025\/wp-content\/uploads\/2025\/11\/Edison4-480x139.png 480w\" sizes=\"(min-width: 0px) and (max-width: 480px) 480px, (min-width: 481px) 717px, 100vw\" \/><\/a><\/td>\n<\/tr>\n<tr style=\"height: 0px;\">\n<td style=\"height: 70px; width: 56.6px;\"><\/td>\n<td style=\"height: 70px; width: 239.8px;\"><a href=\"https:\/\/www.linkedin.com\/in\/cesarcastillo\/\" target=\"_blank\" rel=\"noopener\"><img loading=\"lazy\" decoding=\"async\" src=\"https:\/\/redcamif.org\/foro-regional-connect-2025\/wp-content\/uploads\/2025\/11\/Cesar-Castillo2.png\" width=\"584\" height=\"156\" alt=\"\" class=\"wp-image-411 alignnone size-full\" \/><\/a><\/td>\n<\/tr>\n<tr style=\"height: 0px;\">\n<td style=\"height: 10px; width: 56.6px;\"><\/td>\n<td style=\"height: 10px; width: 239.8px;\"><\/td>\n<\/tr>\n<tr style=\"height: 24px;\">\n<td class=\"hora\" style=\"height: 24px; width: 56.6px;\"><\/td>\n<td class=\"evento\" style=\"height: 24px; width: 239.8px;\"><a href=\"https:\/\/www.linkedin.com\/in\/luis-eduardo-rosario-945916b6\/\" target=\"_blank\" rel=\"noopener\"><img loading=\"lazy\" decoding=\"async\" src=\"https:\/\/redcamif.org\/foro-regional-connect-2025\/wp-content\/uploads\/2025\/09\/Luis-Eduardo-Rosario.png\" width=\"584\" height=\"156\" alt=\"\" class=\"wp-image-419 alignnone size-full\" srcset=\"https:\/\/redcamif.org\/foro-regional-connect-2025\/wp-content\/uploads\/2025\/09\/Luis-Eduardo-Rosario.png 584w, https:\/\/redcamif.org\/foro-regional-connect-2025\/wp-content\/uploads\/2025\/09\/Luis-Eduardo-Rosario-480x128.png 480w\" sizes=\"(min-width: 0px) and (max-width: 480px) 480px, (min-width: 481px) 584px, 100vw\" \/><\/a><\/td>\n<\/tr>\n<tr style=\"height: 48px;\">\n<td style=\"height: 48px; width: 56.6px;\"><span class=\"icono\">\ud83d\udd52<\/span>8:50<\/td>\n<td style=\"height: 48px; width: 239.8px;\"><strong>Inclusi\u00f3n financiera: Coyuntura y perspectivas<\/strong><\/td>\n<\/tr>\n<tr style=\"height: 0px;\">\n<td style=\"height: 70px; width: 56.6px;\"><\/td>\n<td style=\"height: 70px; width: 239.8px;\"><a href=\"https:\/\/www.linkedin.com\/in\/cesarcastillo\/\" target=\"_blank\" rel=\"noopener\"><img loading=\"lazy\" decoding=\"async\" src=\"https:\/\/redcamif.org\/foro-regional-connect-2025\/wp-content\/uploads\/2025\/11\/Cesar-Castillo2.png\" width=\"584\" height=\"156\" alt=\"\" class=\"wp-image-411 alignnone size-full\" \/><\/a><\/td>\n<\/tr>\n<tr style=\"height: 48px;\">\n<td class=\"hora\" style=\"height: 48px; width: 56.6px;\"><\/td>\n<td class=\"evento\" style=\"height: 48px; width: 239.8px;\"><\/td>\n<\/tr>\n<tr style=\"height: 24px;\">\n<td class=\"hora\" style=\"height: 24px; width: 56.6px;\"><span class=\"icono\">\ud83d\udd52<\/span>9:45<\/td>\n<td class=\"evento\" style=\"height: 24px; width: 239.8px;\"><strong>Refrigerio \/ Networking\u00a0<\/strong><\/td>\n<\/tr>\n<tr style=\"height: 48px;\">\n<td style=\"height: 48px; width: 56.6px;\"><span class=\"icono\">\ud83d\udd52<\/span>10:00<\/td>\n<td style=\"height: 48px; width: 239.8px;\"><strong>Lineamientos estrat\u00e9gicos para acceder al mercado de capitales<\/strong><\/td>\n<\/tr>\n<tr style=\"height: 0px;\">\n<td style=\"height: 10px; width: 56.6px;\"><\/td>\n<td style=\"height: 10px; width: 239.8px;\"><a href=\"http:\/\/www.linkedin.com\/in\/javieraneiva\" target=\"_blank\" rel=\"noopener\"><img loading=\"lazy\" decoding=\"async\" src=\"https:\/\/redcamif.org\/foro-regional-connect-2025\/wp-content\/uploads\/2025\/10\/javier.png\" width=\"584\" height=\"156\" alt=\"\" class=\"wp-image-525 alignnone size-full\" srcset=\"https:\/\/redcamif.org\/foro-regional-connect-2025\/wp-content\/uploads\/2025\/10\/javier.png 584w, https:\/\/redcamif.org\/foro-regional-connect-2025\/wp-content\/uploads\/2025\/10\/javier-480x128.png 480w\" sizes=\"(min-width: 0px) and (max-width: 480px) 480px, (min-width: 481px) 584px, 100vw\" \/><\/a><\/td>\n<\/tr>\n<tr style=\"height: 48px;\">\n<td class=\"hora\" style=\"height: 48px; width: 56.6px;\"><\/td>\n<td class=\"evento\" style=\"height: 48px; width: 239.8px;\"><\/td>\n<\/tr>\n<tr style=\"height: 48px;\">\n<td style=\"height: 48px; width: 56.6px;\"><span class=\"icono\">\ud83d\udd52<\/span>10:45<\/td>\n<td style=\"height: 48px; width: 239.8px;\"><strong>Panel: Desaf\u00edos del mercado de capitales\u00a0y\u00a0digitales<\/strong><\/td>\n<\/tr>\n<tr style=\"height: 0px;\">\n<td style=\"height: 10px; width: 56.6px;\"><\/td>\n<td style=\"height: 10px; width: 239.8px;\"><a href=\"https:\/\/www.linkedin.com\/in\/edison-javier-mejia-ardila-b833233a\" target=\"_blank\" rel=\"noopener\"><img loading=\"lazy\" decoding=\"async\" src=\"https:\/\/redcamif.org\/foro-regional-connect-2025\/wp-content\/uploads\/2025\/11\/Edison3.png\" width=\"717\" height=\"207\" alt=\"\" class=\"wp-image-389 alignnone size-full\" \/><\/a><\/td>\n<\/tr>\n<tr style=\"height: 0px;\">\n<td style=\"height: 70px; width: 56.6px;\"><\/td>\n<td style=\"height: 70px; width: 239.8px;\"><a href=\"https:\/\/www.linkedin.com\/in\/cesarcastillo\/\" target=\"_blank\" rel=\"noopener\"><img loading=\"lazy\" decoding=\"async\" src=\"https:\/\/redcamif.org\/foro-regional-connect-2025\/wp-content\/uploads\/2025\/11\/Cesar-Castillo2.png\" width=\"584\" height=\"156\" alt=\"\" class=\"wp-image-411 alignnone size-full\" \/><\/a><\/td>\n<\/tr>\n<tr style=\"height: 0px;\">\n<td style=\"height: 10px; width: 56.6px;\"><\/td>\n<td style=\"height: 10px; width: 239.8px;\"><a href=\"https:\/\/www.linkedin.com\/in\/mar%C3%ADa-imelda-zald%C3%ADvar-h%C3%A9rcules-7271211a\/\" target=\"_blank\" rel=\"noopener\"><img loading=\"lazy\" decoding=\"async\" src=\"https:\/\/redcamif.org\/foro-regional-connect-2025\/wp-content\/uploads\/2025\/10\/Maria-Imelda-Zaldivar.png\" width=\"584\" height=\"156\" alt=\"\" class=\"wp-image-436 alignnone size-full\" srcset=\"https:\/\/redcamif.org\/foro-regional-connect-2025\/wp-content\/uploads\/2025\/10\/Maria-Imelda-Zaldivar.png 584w, https:\/\/redcamif.org\/foro-regional-connect-2025\/wp-content\/uploads\/2025\/10\/Maria-Imelda-Zaldivar-480x128.png 480w\" sizes=\"(min-width: 0px) and (max-width: 480px) 480px, (min-width: 481px) 584px, 100vw\" \/><\/a><\/td>\n<\/tr>\n<tr style=\"height: 0px;\">\n<td class=\"hora\" style=\"height: 10px; width: 56.6px;\"><\/td>\n<td class=\"evento\" style=\"height: 10px; width: 239.8px;\"><a href=\"https:\/\/www.linkedin.com\/authwall?trk=bf&amp;trkInfo=AQHBJ-vkqMC96QAAAZmcNuegmNknYyfLQGkWw5iWp56FT5zGQ_US-_pazbX3Dd57DjlmoYmwPeCqW4Dei9EuBOaNUdf0o-jctBFq9bW4IHcOAykRW06uhBdQ3oJQozwo0HELxhQ=&amp;original_referer=&amp;sessionRedirect=https%3A%2F%2Fwww.linkedin.com%2Fin%2Fsergio-marcelo-carrasco-estrada\" target=\"_blank\" rel=\"noopener\"><img loading=\"lazy\" decoding=\"async\" src=\"https:\/\/redcamif.org\/foro-regional-connect-2025\/wp-content\/uploads\/2025\/09\/Sergio-Carrasco.png\" width=\"584\" height=\"156\" alt=\"\" class=\"wp-image-428 alignnone size-full\" srcset=\"https:\/\/redcamif.org\/foro-regional-connect-2025\/wp-content\/uploads\/2025\/09\/Sergio-Carrasco.png 584w, https:\/\/redcamif.org\/foro-regional-connect-2025\/wp-content\/uploads\/2025\/09\/Sergio-Carrasco-480x128.png 480w\" sizes=\"(min-width: 0px) and (max-width: 480px) 480px, (min-width: 481px) 584px, 100vw\" \/><\/a><\/td>\n<\/tr>\n<tr style=\"height: 48px;\">\n<td style=\"height: 48px; width: 56.6px;\"><span class=\"icono\">\ud83d\udd52<\/span>11:45<\/td>\n<td style=\"height: 48px; width: 239.8px;\"><strong>Panel: Emisi\u00f3n de bonos tem\u00e1ticos\u00a0<\/strong><\/td>\n<\/tr>\n<tr style=\"height: 0px;\">\n<td style=\"height: 10px; width: 56.6px;\"><\/td>\n<td style=\"height: 10px; width: 239.8px;\"><a href=\"https:\/\/www.linkedin.com\/in\/enrique-ferraro\/\" target=\"_blank\" rel=\"noopener\"><img loading=\"lazy\" decoding=\"async\" src=\"https:\/\/redcamif.org\/foro-regional-connect-2025\/wp-content\/uploads\/2025\/09\/Enrique-Ferrero.png\" width=\"717\" height=\"207\" alt=\"\" class=\"wp-image-399 alignnone size-full\" srcset=\"https:\/\/redcamif.org\/foro-regional-connect-2025\/wp-content\/uploads\/2025\/09\/Enrique-Ferrero.png 717w, https:\/\/redcamif.org\/foro-regional-connect-2025\/wp-content\/uploads\/2025\/09\/Enrique-Ferrero-480x139.png 480w\" sizes=\"(min-width: 0px) and (max-width: 480px) 480px, (min-width: 481px) 717px, 100vw\" \/><\/a><\/td>\n<\/tr>\n<tr style=\"height: 0px;\">\n<td style=\"height: 10px; width: 56.6px;\"><\/td>\n<td style=\"height: 10px; width: 239.8px;\"><a href=\"https:\/\/www.linkedin.com\/in\/jose-etchegoyen-3a83705\/\" target=\"_blank\" rel=\"noopener\"><img loading=\"lazy\" decoding=\"async\" src=\"https:\/\/redcamif.org\/foro-regional-connect-2025\/wp-content\/uploads\/2025\/09\/josefelix2.png\" width=\"717\" height=\"207\" alt=\"\" class=\"wp-image-394 alignnone size-full\" srcset=\"https:\/\/redcamif.org\/foro-regional-connect-2025\/wp-content\/uploads\/2025\/09\/josefelix2.png 717w, https:\/\/redcamif.org\/foro-regional-connect-2025\/wp-content\/uploads\/2025\/09\/josefelix2-480x139.png 480w\" sizes=\"(min-width: 0px) and (max-width: 480px) 480px, (min-width: 481px) 717px, 100vw\" \/><\/a><\/td>\n<\/tr>\n<tr style=\"height: 0px;\">\n<td style=\"height: 10px; width: 56.6px;\"><\/td>\n<td style=\"height: 10px; width: 239.8px;\"><a href=\"https:\/\/www.linkedin.com\/in\/marcio-e-goti-a-00396b27a\/\" target=\"_blank\" rel=\"noopener\"><img loading=\"lazy\" decoding=\"async\" src=\"https:\/\/redcamif.org\/foro-regional-connect-2025\/wp-content\/uploads\/2025\/10\/marciogoti.png\" width=\"584\" height=\"156\" alt=\"\" class=\"wp-image-465 alignnone size-full\" srcset=\"https:\/\/redcamif.org\/foro-regional-connect-2025\/wp-content\/uploads\/2025\/10\/marciogoti.png 584w, https:\/\/redcamif.org\/foro-regional-connect-2025\/wp-content\/uploads\/2025\/10\/marciogoti-480x128.png 480w\" sizes=\"(min-width: 0px) and (max-width: 480px) 480px, (min-width: 481px) 584px, 100vw\" \/><\/a><\/td>\n<\/tr>\n<tr style=\"height: 0px;\">\n<td class=\"hora\" style=\"height: 10px; width: 56.6px;\"><\/td>\n<td class=\"evento\" style=\"height: 10px; width: 239.8px;\"><a href=\"http:\/\/www.linkedin.com\/in\/javieraneiva\" target=\"_blank\" rel=\"noopener\"><img loading=\"lazy\" decoding=\"async\" src=\"https:\/\/redcamif.org\/foro-regional-connect-2025\/wp-content\/uploads\/2025\/10\/javier-moderador.png\" width=\"584\" height=\"156\" alt=\"\" class=\"wp-image-540 alignnone size-full\" srcset=\"https:\/\/redcamif.org\/foro-regional-connect-2025\/wp-content\/uploads\/2025\/10\/javier-moderador.png 584w, https:\/\/redcamif.org\/foro-regional-connect-2025\/wp-content\/uploads\/2025\/10\/javier-moderador-480x128.png 480w\" sizes=\"(min-width: 0px) and (max-width: 480px) 480px, (min-width: 481px) 584px, 100vw\" \/><\/a><\/td>\n<\/tr>\n<tr style=\"height: 48px;\">\n<td class=\"hora\" style=\"height: 48px; width: 56.6px;\"><span class=\"icono\">\ud83d\udd52<\/span>12:30<\/td>\n<td class=\"evento\" style=\"height: 48px; width: 239.8px;\"><strong>Preguntas y conversatorio de experiencias<\/strong><\/td>\n<\/tr>\n<tr style=\"height: 48px;\">\n<td class=\"hora\" style=\"height: 48px; width: 56.6px;\"><span class=\"icono\">\ud83d\udd52<\/span>12:45<\/td>\n<td class=\"evento\" style=\"height: 48px; width: 239.8px;\"><strong>Almuerzo \/ Sal\u00f3n Gran Anc\u00f3n<\/strong><\/td>\n<\/tr>\n<tr style=\"height: 72px;\">\n<td style=\"height: 72px; width: 56.6px;\"><span class=\"icono\">\ud83d\udd52<\/span>14:45<\/td>\n<td style=\"height: 72px; width: 239.8px;\"><strong>La misi\u00f3n social de las microfinanzas \u00bfverdad o mito?<\/strong><\/td>\n<\/tr>\n<tr style=\"height: 0px;\">\n<td style=\"height: 10px; width: 56.6px;\"><\/td>\n<td style=\"height: 10px; width: 239.8px;\"><a href=\"https:\/\/www.linkedin.com\/in\/martinburt\/\" target=\"_blank\" rel=\"noopener\"><img loading=\"lazy\" decoding=\"async\" src=\"https:\/\/redcamif.org\/foro-regional-connect-2025\/wp-content\/uploads\/2025\/09\/martinburt.png\" width=\"584\" height=\"156\" alt=\"\" class=\"wp-image-380 alignnone size-full\" srcset=\"https:\/\/redcamif.org\/foro-regional-connect-2025\/wp-content\/uploads\/2025\/09\/martinburt.png 584w, https:\/\/redcamif.org\/foro-regional-connect-2025\/wp-content\/uploads\/2025\/09\/martinburt-480x128.png 480w\" sizes=\"(min-width: 0px) and (max-width: 480px) 480px, (min-width: 481px) 584px, 100vw\" \/><\/a><\/td>\n<\/tr>\n<tr style=\"height: 0px;\">\n<td style=\"height: 10px; width: 56.6px;\"><\/td>\n<td style=\"height: 10px; width: 239.8px;\"><a href=\"https:\/\/www.linkedin.com\/in\/fernando-s%C3%A1nchez-valda-662a39ba\/\" target=\"_blank\" rel=\"noopener\"><img loading=\"lazy\" decoding=\"async\" src=\"https:\/\/redcamif.org\/foro-regional-connect-2025\/wp-content\/uploads\/2025\/10\/fernandosanchez.png\" width=\"584\" height=\"156\" alt=\"\" class=\"wp-image-467 alignnone size-full\" srcset=\"https:\/\/redcamif.org\/foro-regional-connect-2025\/wp-content\/uploads\/2025\/10\/fernandosanchez.png 584w, https:\/\/redcamif.org\/foro-regional-connect-2025\/wp-content\/uploads\/2025\/10\/fernandosanchez-480x128.png 480w\" sizes=\"(min-width: 0px) and (max-width: 480px) 480px, (min-width: 481px) 584px, 100vw\" \/><\/a><\/td>\n<\/tr>\n<tr style=\"height: 0px;\">\n<td class=\"hora\" style=\"height: 10px; width: 56.6px;\"><\/td>\n<td class=\"evento\" style=\"height: 10px; width: 239.8px;\"><a href=\"https:\/\/www.linkedin.com\/in\/cesarcastillo\/\" target=\"_blank\" rel=\"noopener\"><img loading=\"lazy\" decoding=\"async\" src=\"https:\/\/redcamif.org\/foro-regional-connect-2025\/wp-content\/uploads\/2025\/11\/Cesar-Castillo2.png\" width=\"584\" height=\"156\" alt=\"\" class=\"wp-image-411 alignnone size-full\" \/><\/a><\/td>\n<\/tr>\n<tr style=\"height: 96px;\">\n<td style=\"height: 96px; width: 56.6px;\"><span class=\"icono\">\ud83d\udd52<\/span>15:35<\/td>\n<td style=\"height: 96px; width: 239.8px;\"><strong>Panel: C\u00f3mo las microfinanzas ayudan a los clientes finales a salir de la pobreza<\/strong><\/td>\n<\/tr>\n<tr style=\"height: 10px;\">\n<td style=\"height: 10px; width: 56.6px;\"><\/td>\n<td style=\"height: 10px; width: 239.8px;\"><a href=\"https:\/\/www.linkedin.com\/in\/miguel-navarro-a3a348144\/\" target=\"_blank\" rel=\"noopener\"><img loading=\"lazy\" decoding=\"async\" src=\"https:\/\/redcamif.org\/foro-regional-connect-2025\/wp-content\/uploads\/2025\/09\/miguelnavarro.png\" width=\"584\" height=\"156\" alt=\"\" class=\"wp-image-372 alignnone size-full\" srcset=\"https:\/\/redcamif.org\/foro-regional-connect-2025\/wp-content\/uploads\/2025\/09\/miguelnavarro.png 584w, https:\/\/redcamif.org\/foro-regional-connect-2025\/wp-content\/uploads\/2025\/09\/miguelnavarro-480x128.png 480w\" sizes=\"(min-width: 0px) and (max-width: 480px) 480px, (min-width: 481px) 584px, 100vw\" \/><\/a><\/td>\n<\/tr>\n<tr style=\"height: 0px;\">\n<td style=\"height: 10px; width: 56.6px;\"><\/td>\n<td style=\"height: 10px; width: 239.8px;\"><\/td>\n<\/tr>\n<tr style=\"height: 0px;\">\n<td style=\"height: 10px; width: 56.6px;\"><\/td>\n<td style=\"height: 10px; width: 239.8px;\"><a href=\"https:\/\/www.linkedin.com\/in\/martinburt\/\" target=\"_blank\" rel=\"noopener\"><img loading=\"lazy\" decoding=\"async\" src=\"https:\/\/redcamif.org\/foro-regional-connect-2025\/wp-content\/uploads\/2025\/09\/martinburt.png\" width=\"584\" height=\"156\" alt=\"\" class=\"wp-image-380 alignnone size-full\" srcset=\"https:\/\/redcamif.org\/foro-regional-connect-2025\/wp-content\/uploads\/2025\/09\/martinburt.png 584w, https:\/\/redcamif.org\/foro-regional-connect-2025\/wp-content\/uploads\/2025\/09\/martinburt-480x128.png 480w\" sizes=\"(min-width: 0px) and (max-width: 480px) 480px, (min-width: 481px) 584px, 100vw\" \/><\/a><\/td>\n<\/tr>\n<tr style=\"height: 0px;\">\n<td style=\"height: 10px; width: 56.6px;\"><\/td>\n<td style=\"height: 10px; width: 239.8px;\"><a href=\"https:\/\/www.linkedin.com\/authwall?trk=bf&amp;trkInfo=AQFdv9sB-i8TDwAAAZmghZTIUG5NedYCiFsWCOSoInU-16uG_ap2qLSe-byOU23uolLaMWwtatAZx8aYnmRuD1R207v9Z-RwhW0WgAw828UZ8GtI1MQkztobHEndXTDLP6jtLJg=&amp;original_referer=&amp;sessionRedirect=https%3A%2F%2Fwww.linkedin.com%2Fin%2Fplinio-vergara%2F\" target=\"_blank\" rel=\"noopener\"><img loading=\"lazy\" decoding=\"async\" src=\"https:\/\/redcamif.org\/foro-regional-connect-2025\/wp-content\/uploads\/2025\/10\/Plinio.png\" width=\"584\" height=\"156\" alt=\"\" class=\"wp-image-432 alignnone size-full\" srcset=\"https:\/\/redcamif.org\/foro-regional-connect-2025\/wp-content\/uploads\/2025\/10\/Plinio.png 584w, https:\/\/redcamif.org\/foro-regional-connect-2025\/wp-content\/uploads\/2025\/10\/Plinio-480x128.png 480w\" sizes=\"(min-width: 0px) and (max-width: 480px) 480px, (min-width: 481px) 584px, 100vw\" \/><\/a><\/td>\n<\/tr>\n<tr style=\"height: 0px;\">\n<td style=\"height: 10px; width: 56.6px;\"><\/td>\n<td style=\"height: 10px; width: 239.8px;\"><a href=\"https:\/\/www.linkedin.com\/in\/aracely-castillo-gutierrez-781b323b\/\" target=\"_blank\" rel=\"noopener\"><img loading=\"lazy\" decoding=\"async\" src=\"https:\/\/redcamif.org\/foro-regional-connect-2025\/wp-content\/uploads\/2025\/09\/Aracely-Castillo.png\" width=\"584\" height=\"156\" alt=\"\" class=\"wp-image-416 alignnone size-full\" srcset=\"https:\/\/redcamif.org\/foro-regional-connect-2025\/wp-content\/uploads\/2025\/09\/Aracely-Castillo.png 584w, https:\/\/redcamif.org\/foro-regional-connect-2025\/wp-content\/uploads\/2025\/09\/Aracely-Castillo-480x128.png 480w\" sizes=\"(min-width: 0px) and (max-width: 480px) 480px, (min-width: 481px) 584px, 100vw\" \/><\/a><\/td>\n<\/tr>\n<tr style=\"height: 0px;\">\n<td class=\"hora\" style=\"height: 10px; width: 56.6px;\"><\/td>\n<td class=\"evento\" style=\"height: 10px; width: 239.8px;\"><\/td>\n<\/tr>\n<tr style=\"height: 48px;\">\n<td class=\"hora\" style=\"height: 48px; width: 56.6px;\"><span class=\"icono\">\ud83d\udd52<\/span>16:30<\/td>\n<td class=\"evento\" style=\"height: 48px; width: 239.8px;\"><strong>Preguntas y conversatorio<\/strong><\/td>\n<\/tr>\n<tr style=\"height: 48px;\">\n<td class=\"hora\" style=\"height: 48px; width: 56.6px;\"><span class=\"icono\">\ud83d\udd52<\/span>16:45<\/td>\n<td class=\"evento\" style=\"height: 48px; width: 239.8px;\"><strong>Refrigerio \/ Networking<\/strong><\/td>\n<\/tr>\n<tr style=\"height: 72px;\">\n<td class=\"hora\" style=\"height: 72px; width: 56.6px;\"><span class=\"icono\">\ud83d\udd52<\/span>16:45-18:30<\/td>\n<td class=\"evento\" style=\"height: 72px; width: 239.8px;\"><strong>Networking \/ Sal\u00f3n Taboga<\/strong><\/td>\n<\/tr>\n<tr style=\"height: 72px;\">\n<td class=\"hora\" style=\"height: 72px; width: 56.6px;\"><span class=\"icono\">\ud83d\udd52<\/span>19:00-21:00<\/td>\n<td class=\"evento\" style=\"height: 72px; width: 239.8px;\"><strong>C\u00f3ctel \/ Gran Sal\u00f3n<\/strong><\/td>\n<\/tr>\n<tr style=\"height: 0px;\">\n<td style=\"height: 0px; width: 56.6px;\"><\/td>\n<td style=\"height: 0px; width: 239.8px;\"><\/td>\n<\/tr>\n<tr style=\"height: 0px;\">\n<td style=\"height: 0px; width: 56.6px;\"><\/td>\n<td style=\"height: 0px; width: 239.8px;\"><\/td>\n<\/tr>\n<\/tbody>\n<\/table>\n<p>[\/et_pb_tab][et_pb_tab title=&#8221;D\u00eda 2  (Viernes 14 de Noviembre de 2025) &#8221; _builder_version=&#8221;4.27.4&#8243; _module_preset=&#8221;default&#8221; tab_text_color=&#8221;#004d92&#8243; hover_enabled=&#8221;0&#8243; global_colors_info=&#8221;{}&#8221; sticky_enabled=&#8221;0&#8243;]<\/p>\n<table class=\"agenda-tabla\" style=\"height: 1476px;\">\n<tbody>\n<tr style=\"height: 96px;\">\n<td style=\"height: 96px; width: 43.125px;\"><span class=\"icono\">\ud83d\udd52<\/span>8:30<\/td>\n<td style=\"height: 96px; width: 253.275px;\"><strong>Conferencia Magistral &#8220;Evoluci\u00f3n de las Finanzas Inclusivas: Innovaci\u00f3n ante el cambio&#8221;<\/strong><\/td>\n<\/tr>\n<tr style=\"height: 0px;\">\n<td style=\"height: 74px; width: 43.125px;\"><\/td>\n<td style=\"height: 74px; width: 253.275px;\"><a href=\"https:\/\/www.linkedin.com\/in\/hectorortegah\/\" target=\"_blank\" rel=\"noopener\"><img loading=\"lazy\" decoding=\"async\" src=\"https:\/\/redcamif.org\/foro-regional-connect-2025\/wp-content\/uploads\/2025\/10\/hector.png\" width=\"584\" height=\"156\" alt=\"\" class=\"wp-image-469 alignnone size-full\" srcset=\"https:\/\/redcamif.org\/foro-regional-connect-2025\/wp-content\/uploads\/2025\/10\/hector.png 584w, https:\/\/redcamif.org\/foro-regional-connect-2025\/wp-content\/uploads\/2025\/10\/hector-480x128.png 480w\" sizes=\"(min-width: 0px) and (max-width: 480px) 480px, (min-width: 481px) 584px, 100vw\" \/><\/a><\/td>\n<\/tr>\n<tr style=\"height: 96px;\">\n<td class=\"hora\" style=\"height: 96px; width: 43.125px;\"><\/td>\n<td class=\"evento\" style=\"height: 96px; width: 253.275px;\"><a href=\"https:\/\/www.linkedin.com\/in\/luis-eduardo-rosario-945916b6\/\" target=\"_blank\" rel=\"noopener\"><img loading=\"lazy\" decoding=\"async\" src=\"https:\/\/redcamif.org\/foro-regional-connect-2025\/wp-content\/uploads\/2025\/10\/Luis-Eduardo-Rosario-verde.png\" width=\"584\" height=\"156\" alt=\"\" class=\"wp-image-542 alignnone size-full\" srcset=\"https:\/\/redcamif.org\/foro-regional-connect-2025\/wp-content\/uploads\/2025\/10\/Luis-Eduardo-Rosario-verde.png 584w, https:\/\/redcamif.org\/foro-regional-connect-2025\/wp-content\/uploads\/2025\/10\/Luis-Eduardo-Rosario-verde-480x128.png 480w\" sizes=\"(min-width: 0px) and (max-width: 480px) 480px, (min-width: 481px) 584px, 100vw\" \/><\/a><\/td>\n<\/tr>\n<tr style=\"height: 72px;\">\n<td style=\"height: 72px; width: 43.125px;\"><span class=\"icono\">\ud83d\udd52<\/span>9:40<\/td>\n<td style=\"height: 72px; width: 253.275px;\"><strong>Conversatorio: Dominar el cambio digital, perspectivas de los l\u00edderes<\/strong><\/td>\n<\/tr>\n<tr style=\"height: 0px;\">\n<td style=\"height: 10px; width: 43.125px;\"><\/td>\n<td style=\"height: 10px; width: 253.275px;\"><a href=\"https:\/\/www.linkedin.com\/in\/jorge-adan-neyra-loaisiga-794a49125\/\" target=\"_blank\" rel=\"noopener\"><img loading=\"lazy\" decoding=\"async\" src=\"https:\/\/redcamif.org\/foro-regional-connect-2025\/wp-content\/uploads\/2025\/09\/Jorge-Neyra.png\" width=\"584\" height=\"156\" alt=\"\" class=\"wp-image-402 alignnone size-full\" srcset=\"https:\/\/redcamif.org\/foro-regional-connect-2025\/wp-content\/uploads\/2025\/09\/Jorge-Neyra.png 584w, https:\/\/redcamif.org\/foro-regional-connect-2025\/wp-content\/uploads\/2025\/09\/Jorge-Neyra-480x139.png 480w\" sizes=\"(min-width: 0px) and (max-width: 480px) 480px, (min-width: 481px) 584px, 100vw\" \/><\/a><\/td>\n<\/tr>\n<tr style=\"height: 72px;\">\n<td style=\"height: 72px; width: 43.125px;\"><\/td>\n<td style=\"height: 72px; width: 253.275px;\"><a href=\"https:\/\/www.linkedin.com\/authwall?trk=bf&amp;trkInfo=AQHfl3VzJVSAPAAAAZm6hyyI28GKnpzjBcfdnafdXBmcXmgzxhCa2VA56ZEpHFJs8mag2NdFFVt9acn7VUr4BlXhq4Su-fAZSPNI4h7xFXRIZi6CmEeewx2I7D4DLSGLk0FX5eE=&amp;original_referer=&amp;sessionRedirect=https%3A%2F%2Fwww.linkedin.com%2Fin%2Fmercedes-canalda-3a19801b3%2F\" target=\"_blank\" rel=\"noopener\"><img loading=\"lazy\" decoding=\"async\" src=\"https:\/\/redcamif.org\/foro-regional-connect-2025\/wp-content\/uploads\/2025\/10\/Mercedes-Canalda.png\" width=\"584\" height=\"156\" alt=\"\" class=\"wp-image-446 alignnone size-full\" srcset=\"https:\/\/redcamif.org\/foro-regional-connect-2025\/wp-content\/uploads\/2025\/10\/Mercedes-Canalda.png 584w, https:\/\/redcamif.org\/foro-regional-connect-2025\/wp-content\/uploads\/2025\/10\/Mercedes-Canalda-480x128.png 480w\" sizes=\"(min-width: 0px) and (max-width: 480px) 480px, (min-width: 481px) 584px, 100vw\" \/><\/a><\/td>\n<\/tr>\n<tr style=\"height: 0px;\">\n<td style=\"height: 10px; width: 43.125px;\"><\/td>\n<td style=\"height: 10px; width: 253.275px;\"><a href=\"https:\/\/www.linkedin.com\/in\/eddy-ronaldo-alvarez-mayen\/\" target=\"_blank\" rel=\"noopener\"><img loading=\"lazy\" decoding=\"async\" src=\"https:\/\/redcamif.org\/foro-regional-connect-2025\/wp-content\/uploads\/2025\/10\/edyalvares.png\" width=\"584\" height=\"156\" alt=\"\" class=\"wp-image-537 alignnone size-full\" srcset=\"https:\/\/redcamif.org\/foro-regional-connect-2025\/wp-content\/uploads\/2025\/10\/edyalvares.png 584w, https:\/\/redcamif.org\/foro-regional-connect-2025\/wp-content\/uploads\/2025\/10\/edyalvares-480x128.png 480w\" sizes=\"(min-width: 0px) and (max-width: 480px) 480px, (min-width: 481px) 584px, 100vw\" \/><\/a><\/td>\n<\/tr>\n<tr style=\"height: 0px;\">\n<td class=\"hora\" style=\"height: 10px; width: 43.125px;\"><\/td>\n<td class=\"evento\" style=\"height: 10px; width: 253.275px;\"><a href=\"https:\/\/www.linkedin.com\/in\/fabio-martinez-coulouris-885b92120\/\" target=\"_blank\" rel=\"noopener\"><img loading=\"lazy\" decoding=\"async\" src=\"https:\/\/redcamif.org\/foro-regional-connect-2025\/wp-content\/uploads\/2025\/10\/Fabiomoderador.png\" width=\"584\" height=\"156\" alt=\"\" class=\"wp-image-458 alignnone size-full\" \/><\/a><\/td>\n<\/tr>\n<tr style=\"height: 48px;\">\n<td class=\"hora\" style=\"height: 48px; width: 43.125px;\"><span class=\"icono\">\ud83d\udd52<\/span>11:00<\/td>\n<td class=\"evento\" style=\"height: 48px; width: 253.275px;\"><strong>Refrigerio \/Networking<\/strong><\/td>\n<\/tr>\n<tr style=\"height: 72px;\">\n<td class=\"hora\" style=\"height: 72px; width: 43.125px;\"><span class=\"icono\">\ud83d\udd52<\/span>11:30<\/td>\n<td class=\"evento\" style=\"height: 72px; width: 253.275px;\"><strong>Ceremonia de Reconocimiento a la Transparencia Financiera y Social<\/strong><\/td>\n<\/tr>\n<tr style=\"height: 0px;\">\n<td style=\"height: 0px; width: 43.125px;\"><\/td>\n<td style=\"height: 0px; width: 253.275px;\"><\/td>\n<\/tr>\n<tr style=\"height: 0px;\">\n<td style=\"height: 0px; width: 43.125px;\"><\/td>\n<td style=\"height: 0px; width: 253.275px;\"><\/td>\n<\/tr>\n<tr style=\"height: 48px;\">\n<td class=\"hora\" style=\"height: 48px; width: 43.125px;\"><span class=\"icono\">\ud83d\udd52<\/span>12:00<\/td>\n<td class=\"evento\" style=\"height: 48px; width: 253.275px;\"><strong>Almuerzo \/ Sal\u00f3n Gran Anc\u00f3n<\/strong><\/td>\n<\/tr>\n<tr style=\"height: 96px;\">\n<td style=\"height: 96px; width: 43.125px;\"><span class=\"icono\">\ud83d\udd52<\/span>13:30<\/td>\n<td style=\"height: 96px; width: 253.275px;\"><strong>Panel: Transformando el lugar de trabajo &#8211; Tecnolog\u00eda, cultura y talento para la innovaci\u00f3n financiera<\/strong><\/td>\n<\/tr>\n<tr style=\"height: 0px;\">\n<td style=\"height: 10px; width: 43.125px;\"><\/td>\n<td style=\"height: 10px; width: 253.275px;\"><img loading=\"lazy\" decoding=\"async\" src=\"https:\/\/redcamif.org\/foro-regional-connect-2025\/wp-content\/uploads\/2025\/10\/Veronica.png\" width=\"584\" height=\"156\" alt=\"\" class=\"wp-image-449 alignnone size-full\" srcset=\"https:\/\/redcamif.org\/foro-regional-connect-2025\/wp-content\/uploads\/2025\/10\/Veronica.png 584w, https:\/\/redcamif.org\/foro-regional-connect-2025\/wp-content\/uploads\/2025\/10\/Veronica-480x128.png 480w\" sizes=\"(min-width: 0px) and (max-width: 480px) 480px, (min-width: 481px) 584px, 100vw\" \/><\/td>\n<\/tr>\n<tr style=\"height: 0px;\">\n<td style=\"height: 10px; width: 43.125px;\"><\/td>\n<td style=\"height: 10px; width: 253.275px;\"><a href=\"https:\/\/www.linkedin.com\/in\/reynold-walter-2357206a\/\" target=\"_blank\" rel=\"noopener\"><img loading=\"lazy\" decoding=\"async\" src=\"https:\/\/redcamif.org\/foro-regional-connect-2025\/wp-content\/uploads\/2025\/10\/Reynold.png\" width=\"584\" height=\"156\" alt=\"\" class=\"wp-image-454 alignnone size-full\" srcset=\"https:\/\/redcamif.org\/foro-regional-connect-2025\/wp-content\/uploads\/2025\/10\/Reynold.png 584w, https:\/\/redcamif.org\/foro-regional-connect-2025\/wp-content\/uploads\/2025\/10\/Reynold-480x128.png 480w\" sizes=\"(min-width: 0px) and (max-width: 480px) 480px, (min-width: 481px) 584px, 100vw\" \/><\/a><\/td>\n<\/tr>\n<tr style=\"height: 0px;\">\n<td style=\"height: 10px; width: 43.125px;\"><\/td>\n<td style=\"height: 10px; width: 253.275px;\"><a href=\"https:\/\/www.linkedin.com\/in\/claudia-moreno-9592a0215\/\" target=\"_blank\" rel=\"noopener\"><img loading=\"lazy\" decoding=\"async\" src=\"https:\/\/redcamif.org\/foro-regional-connect-2025\/wp-content\/uploads\/2025\/10\/ClaudiaMoreno2.png\" width=\"584\" height=\"156\" alt=\"\" class=\"wp-image-546 alignnone size-full\" srcset=\"https:\/\/redcamif.org\/foro-regional-connect-2025\/wp-content\/uploads\/2025\/10\/ClaudiaMoreno2.png 584w, https:\/\/redcamif.org\/foro-regional-connect-2025\/wp-content\/uploads\/2025\/10\/ClaudiaMoreno2-480x128.png 480w\" sizes=\"(min-width: 0px) and (max-width: 480px) 480px, (min-width: 481px) 584px, 100vw\" \/><\/a><\/td>\n<\/tr>\n<tr style=\"height: 96px;\">\n<td class=\"hora\" style=\"height: 96px; width: 43.125px;\"><\/td>\n<td class=\"evento\" style=\"height: 96px; width: 253.275px;\"><a href=\"https:\/\/www.linkedin.com\/in\/concepci%C3%B3n-maravilla-lovato-95489219a\/\" target=\"_blank\" rel=\"noopener\"><img loading=\"lazy\" decoding=\"async\" src=\"https:\/\/redcamif.org\/foro-regional-connect-2025\/wp-content\/uploads\/2025\/10\/concepcion.png\" width=\"584\" height=\"156\" alt=\"\" class=\"wp-image-460 alignnone size-full\" srcset=\"https:\/\/redcamif.org\/foro-regional-connect-2025\/wp-content\/uploads\/2025\/10\/concepcion.png 584w, https:\/\/redcamif.org\/foro-regional-connect-2025\/wp-content\/uploads\/2025\/10\/concepcion-480x128.png 480w\" sizes=\"(min-width: 0px) and (max-width: 480px) 480px, (min-width: 481px) 584px, 100vw\" \/><\/a><\/td>\n<\/tr>\n<tr style=\"height: 48px;\">\n<td style=\"height: 48px; width: 43.125px;\"><span class=\"icono\">\ud83d\udd52<\/span>14:30<\/td>\n<td style=\"height: 48px; width: 253.275px;\"><strong>Refrigerio \/Networking<\/strong><\/td>\n<\/tr>\n<tr style=\"height: 96px;\">\n<td style=\"height: 96px; width: 43.125px;\"><span class=\"icono\">\ud83d\udd52<\/span>15:00<\/td>\n<td style=\"height: 96px; width: 253.275px;\"><strong>Transformando datos en decisiones: Plataforma de Seguros Inclusivos<\/strong><\/td>\n<\/tr>\n<tr style=\"height: 0px;\">\n<td style=\"height: 10px; width: 43.125px;\"><\/td>\n<td style=\"height: 10px; width: 253.275px;\"><a href=\"https:\/\/www.linkedin.com\/in\/ada-eveling-rivera-596612124\/\" target=\"_blank\" rel=\"noopener\"><img loading=\"lazy\" decoding=\"async\" src=\"https:\/\/redcamif.org\/foro-regional-connect-2025\/wp-content\/uploads\/2025\/10\/AdaRivera.png\" width=\"584\" height=\"156\" alt=\"\" class=\"wp-image-490 alignnone size-full\" srcset=\"https:\/\/redcamif.org\/foro-regional-connect-2025\/wp-content\/uploads\/2025\/10\/AdaRivera.png 584w, https:\/\/redcamif.org\/foro-regional-connect-2025\/wp-content\/uploads\/2025\/10\/AdaRivera-480x128.png 480w\" sizes=\"(min-width: 0px) and (max-width: 480px) 480px, (min-width: 481px) 584px, 100vw\" \/><\/a><\/td>\n<\/tr>\n<tr style=\"height: 96px;\">\n<td style=\"height: 96px; width: 43.125px;\"><\/td>\n<td style=\"height: 96px; width: 253.275px;\"><a href=\"https:\/\/www.linkedin.com\/in\/let%C3%ADcia-gontijo-furst-gon%C3%A7alves-impact\/\" target=\"_blank\" rel=\"noopener\"><img loading=\"lazy\" decoding=\"async\" src=\"https:\/\/redcamif.org\/foro-regional-connect-2025\/wp-content\/uploads\/2025\/10\/leticia.png\" width=\"584\" height=\"156\" alt=\"\" class=\"wp-image-528 alignnone size-full\" srcset=\"https:\/\/redcamif.org\/foro-regional-connect-2025\/wp-content\/uploads\/2025\/10\/leticia.png 584w, https:\/\/redcamif.org\/foro-regional-connect-2025\/wp-content\/uploads\/2025\/10\/leticia-480x128.png 480w\" sizes=\"(min-width: 0px) and (max-width: 480px) 480px, (min-width: 481px) 584px, 100vw\" \/><\/a><\/td>\n<\/tr>\n<tr style=\"height: 0px;\">\n<td style=\"height: 10px; width: 43.125px;\"><\/td>\n<td style=\"height: 10px; width: 253.275px;\"><a href=\"https:\/\/www.linkedin.com\/in\/sara-orozco-londo%C3%B1o-9a081a170\/\" target=\"_blank\" rel=\"noopener\"><img loading=\"lazy\" decoding=\"async\" src=\"https:\/\/redcamif.org\/foro-regional-connect-2025\/wp-content\/uploads\/2025\/11\/saraorozco.png\" width=\"584\" height=\"156\" alt=\"\" class=\"wp-image-561 alignnone size-full\" srcset=\"https:\/\/redcamif.org\/foro-regional-connect-2025\/wp-content\/uploads\/2025\/11\/saraorozco.png 584w, https:\/\/redcamif.org\/foro-regional-connect-2025\/wp-content\/uploads\/2025\/11\/saraorozco-480x128.png 480w\" sizes=\"(min-width: 0px) and (max-width: 480px) 480px, (min-width: 481px) 584px, 100vw\" \/><\/a><\/td>\n<\/tr>\n<tr style=\"height: 0px;\">\n<td style=\"height: 10px; width: 43.125px;\"><\/td>\n<td style=\"height: 10px; width: 253.275px;\"><a href=\"https:\/\/www.linkedin.com\/in\/regina-silva-91143637\/\" target=\"_blank\" rel=\"noopener\"><img loading=\"lazy\" decoding=\"async\" src=\"https:\/\/redcamif.org\/foro-regional-connect-2025\/wp-content\/uploads\/2025\/10\/regina-silva.png\" width=\"584\" height=\"156\" alt=\"\" class=\"wp-image-485 alignnone size-full\" srcset=\"https:\/\/redcamif.org\/foro-regional-connect-2025\/wp-content\/uploads\/2025\/10\/regina-silva.png 584w, https:\/\/redcamif.org\/foro-regional-connect-2025\/wp-content\/uploads\/2025\/10\/regina-silva-480x128.png 480w\" sizes=\"(min-width: 0px) and (max-width: 480px) 480px, (min-width: 481px) 584px, 100vw\" \/><\/a><\/td>\n<\/tr>\n<tr style=\"height: 0px;\">\n<td class=\"hora\" style=\"height: 10px; width: 43.125px;\"><\/td>\n<td class=\"evento\" style=\"height: 10px; width: 253.275px;\"><\/td>\n<\/tr>\n<tr style=\"height: 120px;\">\n<td style=\"height: 120px; width: 43.125px;\"><span class=\"icono\">\ud83d\udd52<\/span>16:00<\/td>\n<td style=\"height: 120px; width: 253.275px;\"><strong>Panel: El futuro impulsado por la IA &#8211; Transformaci\u00f3n de la finanzas inclusivas a trav\u00e9s del aprendizaje autom\u00e1tico y la innovaci\u00f3n<\/strong><\/td>\n<\/tr>\n<tr style=\"height: 10px;\">\n<td style=\"height: 10px; width: 43.125px;\"><\/td>\n<td style=\"height: 10px; width: 253.275px;\"><a href=\"http:\/\/linkedin.com\/in\/francisco-banegas-a-810b23123\" target=\"_blank\" rel=\"noopener\"><img loading=\"lazy\" decoding=\"async\" src=\"https:\/\/redcamif.org\/foro-regional-connect-2025\/wp-content\/uploads\/2025\/11\/FranciscoBanegas4.png\" width=\"584\" height=\"156\" alt=\"\" class=\"wp-image-553 alignnone size-full\" srcset=\"https:\/\/redcamif.org\/foro-regional-connect-2025\/wp-content\/uploads\/2025\/11\/FranciscoBanegas4.png 584w, https:\/\/redcamif.org\/foro-regional-connect-2025\/wp-content\/uploads\/2025\/11\/FranciscoBanegas4-480x128.png 480w\" sizes=\"(min-width: 0px) and (max-width: 480px) 480px, (min-width: 481px) 584px, 100vw\" \/><\/a><\/td>\n<\/tr>\n<tr style=\"height: 120px;\">\n<td style=\"height: 120px; width: 43.125px;\"><\/td>\n<td style=\"height: 120px; width: 253.275px;\"><a href=\"https:\/\/www.linkedin.com\/in\/mauricio-osorio-638613a\/\" target=\"_blank\" rel=\"noopener\"><img loading=\"lazy\" decoding=\"async\" src=\"https:\/\/redcamif.org\/foro-regional-connect-2025\/wp-content\/uploads\/2025\/10\/Mauricio-Osorio.png\" width=\"584\" height=\"156\" alt=\"\" class=\"wp-image-476 alignnone size-full\" srcset=\"https:\/\/redcamif.org\/foro-regional-connect-2025\/wp-content\/uploads\/2025\/10\/Mauricio-Osorio.png 584w, https:\/\/redcamif.org\/foro-regional-connect-2025\/wp-content\/uploads\/2025\/10\/Mauricio-Osorio-480x139.png 480w\" sizes=\"(min-width: 0px) and (max-width: 480px) 480px, (min-width: 481px) 584px, 100vw\" \/><\/a><\/td>\n<\/tr>\n<tr style=\"height: 0px;\">\n<td style=\"height: 10px; width: 43.125px;\"><\/td>\n<td style=\"height: 10px; width: 253.275px;\"><a href=\"https:\/\/www.linkedin.com\/in\/ge%C3%B3rgia-waltrick-michielin-schmidt-05422294\/\" target=\"_blank\" rel=\"noopener\"><img loading=\"lazy\" decoding=\"async\" src=\"https:\/\/redcamif.org\/foro-regional-connect-2025\/wp-content\/uploads\/2025\/09\/giorgia.png\" width=\"584\" height=\"156\" alt=\"\" class=\"wp-image-375 alignnone size-full\" srcset=\"https:\/\/redcamif.org\/foro-regional-connect-2025\/wp-content\/uploads\/2025\/09\/giorgia.png 584w, https:\/\/redcamif.org\/foro-regional-connect-2025\/wp-content\/uploads\/2025\/09\/giorgia-480x128.png 480w\" sizes=\"(min-width: 0px) and (max-width: 480px) 480px, (min-width: 481px) 584px, 100vw\" \/><\/a><\/td>\n<\/tr>\n<tr style=\"height: 0px;\">\n<td class=\"hora\" style=\"height: 10px; width: 43.125px;\"><\/td>\n<td class=\"evento\" style=\"height: 10px; width: 253.275px;\"><a href=\"https:\/\/www.linkedin.com\/in\/carla-arenales-a5792b74\" target=\"_blank\" rel=\"noopener\"><img loading=\"lazy\" decoding=\"async\" src=\"https:\/\/redcamif.org\/foro-regional-connect-2025\/wp-content\/uploads\/2025\/09\/Carla-Arenalesverde.png\" width=\"584\" height=\"156\" alt=\"\" class=\"wp-image-408 alignnone size-full\" \/><\/a><\/td>\n<\/tr>\n<tr style=\"height: 48px;\">\n<td style=\"height: 48px; width: 43.125px;\"><span class=\"icono\">\ud83d\udd52<\/span>17:00<\/td>\n<td style=\"height: 48px; width: 253.275px;\"><strong>Conclusiones<\/strong><\/td>\n<\/tr>\n<tr style=\"height: 0px;\">\n<td style=\"height: 0px; width: 43.125px;\"><\/td>\n<td style=\"height: 0px; width: 253.275px;\"><a href=\"https:\/\/www.linkedin.com\/in\/cesarcastillo\/\" target=\"_blank\" rel=\"noopener\"><img loading=\"lazy\" decoding=\"async\" src=\"https:\/\/redcamif.org\/foro-regional-connect-2025\/wp-content\/uploads\/2025\/11\/Cesar-Castillo2.png\" width=\"584\" height=\"156\" alt=\"\" class=\"wp-image-411 alignnone size-full\" \/><\/a><\/td>\n<\/tr>\n<tr style=\"height: 48px;\">\n<td class=\"hora\" style=\"height: 48px; width: 43.125px;\"><\/td>\n<td class=\"evento\" style=\"height: 48px; width: 253.275px;\"><\/td>\n<\/tr>\n<\/tbody>\n<\/table>\n<p>[\/et_pb_tab][\/et_pb_tabs][\/et_pb_column][\/et_pb_row][\/et_pb_section][et_pb_section fb_built=&#8221;1&#8243; _builder_version=&#8221;4.27.4&#8243; _module_preset=&#8221;default&#8221; custom_margin=&#8221;-20px|||||&#8221; custom_padding=&#8221;23px||19px|||&#8221; global_colors_info=&#8221;{}&#8221;][et_pb_row column_structure=&#8221;1_2,1_2&#8243; _builder_version=&#8221;4.27.4&#8243; _module_preset=&#8221;default&#8221; background_color=&#8221;#024f93&#8243; global_colors_info=&#8221;{}&#8221;][et_pb_column type=&#8221;1_2&#8243; _builder_version=&#8221;4.27.4&#8243; _module_preset=&#8221;default&#8221; global_colors_info=&#8221;{}&#8221;][et_pb_image src=&#8221;https:\/\/redcamif.org\/foro-regional-connect-2025\/wp-content\/uploads\/2025\/09\/agandaexlusivaminibaner.jpg&#8221; title_text=&#8221;agandaexlusivaminibaner&#8221; _builder_version=&#8221;4.27.4&#8243; _module_preset=&#8221;default&#8221; global_colors_info=&#8221;{}&#8221;][\/et_pb_image][\/et_pb_column][et_pb_column type=&#8221;1_2&#8243; _builder_version=&#8221;4.27.4&#8243; _module_preset=&#8221;default&#8221; global_colors_info=&#8221;{}&#8221;][et_pb_button button_url=&#8221;https:\/\/redcamif.org\/foro-regional-connect-2025\/wp-content\/uploads\/2025\/09\/Agenda-Foro-Connect_Previa_02.09.2025.pdf&#8221; url_new_window=&#8221;on&#8221; button_text=&#8221;AGENDA D\u00cdA 12&#8243; button_alignment=&#8221;center&#8221; _builder_version=&#8221;4.27.4&#8243; _module_preset=&#8221;default&#8221; custom_button=&#8221;on&#8221; button_text_color=&#8221;#FFFFFF&#8221; custom_margin=&#8221;26px||||false|false&#8221; custom_padding=&#8221;||||false|false&#8221; global_colors_info=&#8221;{}&#8221;][\/et_pb_button][\/et_pb_column][\/et_pb_row][\/et_pb_section]<\/p>\n","protected":false},"excerpt":{"rendered":"<p>\n\t\t\t\t<p class=\"rs-p-wp-fix\"><\/p>\n\t\t\t\t<sr7-module data-alias=\"topinicio\" data-id=\"1\" id=\"SR7_1_2\" class=\"rs-ov-hidden\" data-version=\"6.7.23\">\n\t\t\t\t\t<sr7-adjuster><\/sr7-adjuster>\n\t\t\t\t\t<sr7-content>\n\t\t\t\t\t\t<sr7-slide id=\"SR7_1_2-1\" data-key=\"1\">\n\t\t\t\t\t\t\t<sr7-bg id=\"SR7_1_2-1-13\" class=\"sr7-layer\"><noscript><img decoding=\"async\" src=\"https:\/\/redcamif.org\/foro-regional-connect-2025\/wp-content\/uploads\/2025\/08\/fondobannertop.jpg\" alt=\"\" title=\"fondobannertop\"><\/noscript><\/sr7-bg>\n\t\t\t\t\t\t\t<sr7-txt id=\"SR7_1_2-1-4\" class=\"sr7-layer\">convocan al<\/sr7-txt>\n\t\t\t\t\t\t\t<sr7-txt id=\"SR7_1_2-1-5\" class=\"sr7-layer\">Foro <strong>Connect 2025<\/strong><\/sr7-txt>\n\t\t\t\t\t\t\t<sr7-txt id=\"SR7_1_2-1-6\" class=\"sr7-layer\">Impulsando inversiones <span style=\"color:#006446;\">responsables e inclusivas<\/span> en Am\u00e9rica Latina\n<\/sr7-txt>\n\t\t\t\t\t\t<\/sr7-slide>\n\t\t\t\t\t\t<sr7-slide id=\"SR7_1_2-2\" data-key=\"2\">\n\t\t\t\t\t\t<\/sr7-slide>\n\t\t\t\t\t<\/sr7-content>\n\t\t\t\t\t<image_lists style=\"display:none\">\n\t\t\t\t\t\t<img data-src=\"\/\/redcamif.org\/foro-regional-connect-2025\/wp-content\/uploads\/2025\/08\/redcalocfun.png\" data-libid=\"102\" data-lib=\"medialibrary\" title=\"redca+locfun\" width=\"0\" height=\"0\" data-dbsrc=\"Ly9yZWRjYW1pZi5vcmcvZm9yby1yZWdpb25hbC1jb25uZWN0LTIwMjUvd3AtY29udGVudC91cGxvYWRzLzIwMjUvMDgvcmVkY2Fsb2NmdW4ucG5n\"\/>\n\t\t\t\t\t\t<img data-src=\"\/\/redcamif.org\/foro-regional-connect-2025\/wp-content\/uploads\/2025\/08\/fechabannertop.png\" data-libid=\"106\" data-lib=\"medialibrary\" title=\"fechabannertop\" width=\"0\" height=\"0\" data-dbsrc=\"Ly9yZWRjYW1pZi5vcmcvZm9yby1yZWdpb25hbC1jb25uZWN0LTIwMjUvd3AtY29udGVudC91cGxvYWRzLzIwMjUvMDgvZmVjaGFiYW5uZXJ0b3AucG5n\"\/>\n\t\t\t\t\t\t<img data-src=\"\/\/redcamif.org\/foro-regional-connect-2025\/wp-content\/uploads\/2025\/08\/pareja-min2.png\" data-libid=\"108\" data-lib=\"medialibrary\" title=\"pareja-min2\" width=\"0\" height=\"0\" data-dbsrc=\"Ly9yZWRjYW1pZi5vcmcvZm9yby1yZWdpb25hbC1jb25uZWN0LTIwMjUvd3AtY29udGVudC91cGxvYWRzLzIwMjUvMDgvcGFyZWphLW1pbjIucG5n\"\/>\n\t\t\t\t\t\t<img data-src=\"\/\/redcamif.org\/foro-regional-connect-2025\/wp-content\/uploads\/2025\/08\/fondobannertop.jpg\" data-libid=\"98\" data-lib=\"medialibrary\" title=\"fondobannertop\" width=\"0\" height=\"0\" data-dbsrc=\"Ly9yZWRjYW1pZi5vcmcvZm9yby1yZWdpb25hbC1jb25uZWN0LTIwMjUvd3AtY29udGVudC91cGxvYWRzLzIwMjUvMDgvZm9uZG9iYW5uZXJ0b3AuanBn\"\/>\n\t\t\t\t\t<\/image_lists>\n\t\t\t\t<\/sr7-module>\n\t\t\t\t<script>\n\t\t\t\t\tSR7.PMH ??={}; SR7.PMH[\"SR7_1_2\"] = {cn:100,state:false,fn: function() { if (_tpt!==undefined && _tpt.prepareModuleHeight !== undefined) {  _tpt.prepareModuleHeight({id:\"SR7_1_2\",el:[609,609,768,960,720],type:'standard',shdw:'0',gh:[609,609,445,338,209],gw:[1400,1400,1024,778,480],vpt:['-100px'],size:{fullWidth:true, fullHeight:false},mh:'0',onh:0,onw:0,bg:{color:'{\"orig\":\"transparent\",\"type\":\"solid\",\"string\":\"transparent\"}'}});   SR7.PMH[\"SR7_1_2\"].state=true;} else if(SR7.PMH[\"SR7_1_2\"].cn-->0)\tsetTimeout( SR7.PMH[\"SR7_1_2\"].fn,19);}};SR7.PMH[\"SR7_1_2\" ].fn();\n\t\t\t\t<\/script>\n\u00a0 AGENDA \ud83d\udd52 08:00 AM Registro de Participantes \/Gran Sal\u00f3n\u00a0&#8211;\u00a0Piso\u00a0M \ud83d\udd528:30 Inauguraci\u00f3n \ud83d\udd528:50 Inclusi\u00f3n financiera: Coyuntura y perspectivas \ud83d\udd529:45 Refrigerio \/ Networking\u00a0 \ud83d\udd5210:00 Lineamientos estrat\u00e9gicos para acceder al mercado de capitales \ud83d\udd5210:45 Panel: Desaf\u00edos del mercado de capitales\u00a0y\u00a0digitales \ud83d\udd5211:45 Panel: Emisi\u00f3n de bonos tem\u00e1ticos\u00a0 \ud83d\udd5212:30 Preguntas y conversatorio de experiencias \ud83d\udd5212:45 Almuerzo \/ Sal\u00f3n [&hellip;]<\/p>\n","protected":false},"author":1,"featured_media":0,"parent":0,"menu_order":0,"comment_status":"closed","ping_status":"closed","template":"","meta":{"_et_pb_use_builder":"on","_et_pb_old_content":"","_et_gb_content_width":"","footnotes":""},"class_list":["post-114","page","type-page","status-publish","hentry"],"_links":{"self":[{"href":"https:\/\/redcamif.org\/foro-regional-connect-2025\/wp-json\/wp\/v2\/pages\/114","targetHints":{"allow":["GET"]}}],"collection":[{"href":"https:\/\/redcamif.org\/foro-regional-connect-2025\/wp-json\/wp\/v2\/pages"}],"about":[{"href":"https:\/\/redcamif.org\/foro-regional-connect-2025\/wp-json\/wp\/v2\/types\/page"}],"author":[{"embeddable":true,"href":"https:\/\/redcamif.org\/foro-regional-connect-2025\/wp-json\/wp\/v2\/users\/1"}],"replies":[{"embeddable":true,"href":"https:\/\/redcamif.org\/foro-regional-connect-2025\/wp-json\/wp\/v2\/comments?post=114"}],"version-history":[{"count":118,"href":"https:\/\/redcamif.org\/foro-regional-connect-2025\/wp-json\/wp\/v2\/pages\/114\/revisions"}],"predecessor-version":[{"id":581,"href":"https:\/\/redcamif.org\/foro-regional-connect-2025\/wp-json\/wp\/v2\/pages\/114\/revisions\/581"}],"wp:attachment":[{"href":"https:\/\/redcamif.org\/foro-regional-connect-2025\/wp-json\/wp\/v2\/media?parent=114"}],"curies":[{"name":"wp","href":"https:\/\/api.w.org\/{rel}","templated":true}]}}